{"id":717,"date":"2022-09-09T08:05:40","date_gmt":"2022-09-09T06:05:40","guid":{"rendered":"https:\/\/poplawy.sh.org.pl\/?page_id=717"},"modified":"2022-09-09T08:05:40","modified_gmt":"2022-09-09T06:05:40","slug":"szlak-narwianski","status":"publish","type":"page","link":"https:\/\/poplawy.sh.org.pl\/index.php\/szlak-narwianski\/","title":{"rendered":"Szlak Narwia\u0144ski"},"content":{"rendered":"\n<figure class=\"wp-block-image size-large\"><img loading=\"lazy\" decoding=\"async\" width=\"1024\" height=\"576\" src=\"https:\/\/poplawy.sh.org.pl\/wp-content\/uploads\/2021\/05\/bagno_02-1024x576.jpg\" alt=\"\" class=\"wp-image-605\" srcset=\"https:\/\/poplawy.sh.org.pl\/wp-content\/uploads\/2021\/05\/bagno_02-1024x576.jpg 1024w, https:\/\/poplawy.sh.org.pl\/wp-content\/uploads\/2021\/05\/bagno_02-300x169.jpg 300w, https:\/\/poplawy.sh.org.pl\/wp-content\/uploads\/2021\/05\/bagno_02-768x432.jpg 768w, https:\/\/poplawy.sh.org.pl\/wp-content\/uploads\/2021\/05\/bagno_02-1536x864.jpg 1536w, https:\/\/poplawy.sh.org.pl\/wp-content\/uploads\/2021\/05\/bagno_02-533x300.jpg 533w, https:\/\/poplawy.sh.org.pl\/wp-content\/uploads\/2021\/05\/bagno_02.jpg 2000w\" sizes=\"auto, (max-width: 1024px) 100vw, 1024px\" \/><\/figure>\n\n\n\n<p>Pu\u0142tusk \u2013 Ponikiew \u2013 Paw\u0142\u00f3wek \u2013 Szyg\u00f3wek<\/p>\n\n\n\n<p><strong>D\u0142ugo\u015b\u0107 \u2013 9,6 km<\/strong><\/p>\n\n\n\n<p>Wspania\u0142y szlak prowadz\u0105cy przez malownicze tereny nadnarwia\u0144skie i fragmenty Puszczy Bia\u0142ej, najciekawszy krajobrazowo szlak w okolicach Pu\u0142tuska&nbsp;<\/p>\n\n\n\n<p><strong>Warto zobaczy\u0107:<\/strong><\/p>\n\n\n\n<p>Widoki malowniczej Narwi zachowane w stanie naturalnym i obj\u0119te ochron\u0105 tereny Nadbu\u017ca\u0144skiego Parku Krajobrazowego. W\u015br\u00f3d nich bagna, mokrad\u0142a, rozleg\u0142e narwia\u0144skie \u0142\u0105ki i pastwiska. Stare drewniane cha\u0142upy kurpiowskie pokryte strzech\u0105 i z ozdobnymi okiennicami, Rezerwat Bartnia ze 150-letnim drzewostanem sosnowym, miejsce l\u0119gowe czapli siwej, przydro\u017cne kapliczki, dzikie ptactwo wodne, rzadkie gatunki ro\u015blin i zwierz\u0105t.<\/p>\n\n\n\n<p><strong>Trasa:<\/strong><\/p>\n\n\n\n<p>Wyruszamy z pu\u0142tuskiego rynku w kierunku rzeki. Przeje\u017cd\u017camy przez k\u0142adk\u0119 dla pieszych i po jej drugiej stronie skr\u0119camy w lewo. Jest to miejsce, w kt\u00f3rym \u0142atwo pomyli\u0107 drog\u0119, bowiem rozje\u017cd\u017caj\u0105 si\u0119 tu a\u017c trzy r\u00f3\u017cne szlaki rowerowe. My jedziemy w lewo a\u017c do ko\u0144ca wa\u0142u. Nie warto si\u0119 jednak spieszy\u0107, bowiem z korony wa\u0142u rozpo\u015bciera si\u0119 pi\u0119kny widok na starorzecze Narwi i Dom Polonii.<\/p>\n\n\n\n<p>Na ko\u0144cu wa\u0142u doje\u017cd\u017camy do skrzy\u017cowania asfaltowych dr\u00f3g i kierujemy si\u0119 w lewo, na drog\u0119 do Ponikwi. Jedziemy t\u0105 otoczon\u0105 lasem drog\u0105. Po przejechaniu oko\u0142o kilometra przeje\u017cd\u017camy przez le\u015bny strumie\u0144, a zaraz za nim po lewej stronie widzimy nadnarwia\u0144skie bagna. Jest to jedno z niewielu miejsc w dolinie dolnej Narwi, gdzie zachowa\u0142y si\u0119 tego typu bagna. Je\u015bli na wycieczk\u0119 wybierzemy si\u0119 w kwietniu, maju lub na pocz\u0105tku czerwca, mo\u017cemy mie\u0107 niemal stuprocentow\u0105 pewno\u015b\u0107, \u017ce ujrzymy z drogi gniazdo \u0142ab\u0119dzia niemego. Bia\u0142y ptak \u015bwietnie kontrastuje z zieleni\u0105 i szaro\u015bciami bagien.<\/p>\n\n\n\n<p>Dalej jedziemy asfaltow\u0105 drog\u0105 a\u017c do ko\u0144ca lasu. Wje\u017cd\u017caj\u0105c na otwart\u0105 przestrze\u0144, po lewej stronie zobaczymy pi\u0119kn\u0105 kapliczk\u0119 w otoczeniu starych sosen, przed kt\u00f3r\u0105 skr\u0119camy w lewo, do wsi. Po dwustu metrach wje\u017cd\u017camy do Ponikwi. Ju\u017c po kolejnych kilkudziesi\u0119ciu metrach szlak skr\u0119ca w prawo \u2013 do widocznego w oddali lasu. Gdy do niego dojedziemy, skr\u0119camy w lewo i wzd\u0142u\u017c lasu pokonujemy czterysta metr\u00f3w. Tu szlak, skr\u0119caj\u0105c w prawo, prowadzi zn\u00f3w do lasu. Po kolejnych dwustu metrach skr\u0119camy w lewo i poln\u0105 drog\u0105 doje\u017cd\u017camy a\u017c do Rezerwatu Bartnia. O tym, \u017ce przy nim jeste\u015bmy, poinformuj\u0105 nas tablice. W tym miejscu warto si\u0119 na chwil\u0119 zatrzyma\u0107. 150-letnie sosny to ju\u017c, niestety, rzadko\u015b\u0107 w polskich lasach, a takimi w\u0142a\u015bnie okazami poro\u015bni\u0119ty jest ten kilkuhektarowy rezerwat za\u0142o\u017cony w 1977 roku.<\/p>\n\n\n\n<p>Dalej szlak wraca nad Narew. Zaraz za rezerwatem skr\u0119camy w lewo i kierujemy si\u0119 do rzeki. Po prawej stronie mamy bagienne starorzecza. W oczeretach na pewno kryj\u0105 si\u0119 licznie wyst\u0119puj\u0105ce tu ptaki wodno-b\u0142otne. Najwi\u0119ksze atrakcje dopiero przed nami. Kilkaset metr\u00f3w od pozostawionego w tyle lasu, a kilkadziesi\u0105t metr\u00f3w od Narwi, znajduje si\u0119 du\u017ca kolonia l\u0119gowa czapli siwej. Na wysokich drzewach ulokowane jest kilkadziesi\u0105t gniazd. Wiosn\u0105 i latem mo\u017cemy zaobserwowa\u0107 intensywne \u017cycie w kolonii. Co chwila jaki\u015b ptak wraca z \u017cerowisk, b\u0105d\u017a na nie odlatuje. Pod \u017cadnym pozorem nie nale\u017cy podchodzi\u0107 do drzew, na kt\u00f3rych zlokalizowane s\u0105 gniazda. Wolno je obserwowa\u0107 z drogi. W przeciwnym przypadku mo\u017cemy w\u015br\u00f3d ptak\u00f3w wprowadzi\u0107 niepotrzebny niepok\u00f3j. Chocia\u017c na rowerowe wycieczki mo\u017ce by\u0107 jeszcze za wcze\u015bnie, najlepiej czaple podziwia\u0107 w ko\u0144cu marca i pocz\u0105tkach kwietnia. Brak li\u015bci na drzewach umo\u017cliwia odkrycie wszystkich tajemnic ich kolonii.<\/p>\n\n\n\n<p>Gdy napatrzymy si\u0119 ju\u017c na \u017cycie w czapli\u0144cu, ruszamy dalej w kierunku widocznej rzeki, tu\u017c przed ni\u0105 skr\u0119camy w prawo. Jedziemy kilkaset metr\u00f3w wzd\u0142u\u017c Narwi do pobliskiej wiaty przystankowej. Jest ona po\u0142o\u017con\u0105 nad sam\u0105 rzek\u0105 i wida\u0107 z tego miejsca ogromne \u0142\u0105ki, a tak\u017ce znan\u0105 nam ju\u017c koloni\u0119 czapli.<\/p>\n\n\n\n<p>Dalej szlak prowadzi nadnarwia\u0144skimi \u0142\u0105kami i m\u0142odymi, sosnowymi lasami do wsi Szyg\u00f3wek. Na ko\u0144cu wsi, tu\u017c nad rzek\u0105, usytuowana jest druga wiata przystankowa. W okresie letnim Szyg\u00f3wek t\u0119tni \u017cyciem, gdy\u017c jest to typowa miejscowo\u015b\u0107 letniskowa. Narew i pobliskie lasy przyci\u0105gaj\u0105 turyst\u00f3w. Powr\u00f3t do Pu\u0142tuska odbywa si\u0119 t\u0105 sam\u0105 tras\u0105.<\/p>\n","protected":false},"excerpt":{"rendered":"<p>Pu\u0142tusk \u2013 Ponikiew \u2013 Paw\u0142\u00f3wek \u2013 Szyg\u00f3wek D\u0142ugo\u015b\u0107 \u2013 9,6 km Wspania\u0142y szlak prowadz\u0105cy przez malownicze tereny nadnarwia\u0144skie i fragmenty Puszczy Bia\u0142ej, najciekawszy krajobrazowo szlak w okolicach Pu\u0142tuska&nbsp; Warto zobaczy\u0107: Widoki malowniczej Narwi zachowane w stanie naturalnym i obj\u0119te ochron\u0105 tereny Nadbu\u017ca\u0144skiego Parku Krajobrazowego. W\u015br\u00f3d nich bagna, mokrad\u0142a, rozleg\u0142e narwia\u0144skie &hellip;<\/p>\n","protected":false},"author":3,"featured_media":0,"parent":0,"menu_order":0,"comment_status":"closed","ping_status":"closed","template":"","meta":{"footnotes":""},"class_list":["post-717","page","type-page","status-publish","hentry"],"_links":{"self":[{"href":"https:\/\/poplawy.sh.org.pl\/index.php\/wp-json\/wp\/v2\/pages\/717","targetHints":{"allow":["GET"]}}],"collection":[{"href":"https:\/\/poplawy.sh.org.pl\/index.php\/wp-json\/wp\/v2\/pages"}],"about":[{"href":"https:\/\/poplawy.sh.org.pl\/index.php\/wp-json\/wp\/v2\/types\/page"}],"author":[{"embeddable":true,"href":"https:\/\/poplawy.sh.org.pl\/index.php\/wp-json\/wp\/v2\/users\/3"}],"replies":[{"embeddable":true,"href":"https:\/\/poplawy.sh.org.pl\/index.php\/wp-json\/wp\/v2\/comments?post=717"}],"version-history":[{"count":1,"href":"https:\/\/poplawy.sh.org.pl\/index.php\/wp-json\/wp\/v2\/pages\/717\/revisions"}],"predecessor-version":[{"id":718,"href":"https:\/\/poplawy.sh.org.pl\/index.php\/wp-json\/wp\/v2\/pages\/717\/revisions\/718"}],"wp:attachment":[{"href":"https:\/\/poplawy.sh.org.pl\/index.php\/wp-json\/wp\/v2\/media?parent=717"}],"curies":[{"name":"wp","href":"https:\/\/api.w.org\/{rel}","templated":true}]}}